{"id":603,"date":"2021-12-14T15:15:34","date_gmt":"2021-12-14T14:15:34","guid":{"rendered":"http:\/\/www.ch-orthez.fr\/?page_id=603"},"modified":"2025-12-15T15:06:12","modified_gmt":"2025-12-15T14:06:12","slug":"pole-hebergement-et-activite-de-readaptation-et-reeducation","status":"publish","type":"page","link":"https:\/\/www.ch-orthez.fr\/index.php\/pole-hebergement-et-activite-de-readaptation-et-reeducation\/","title":{"rendered":"P\u00f4le h\u00e9bergement et activit\u00e9 de r\u00e9adaptation et r\u00e9\u00e9ducation"},"content":{"rendered":"<div class=\"fusion-fullwidth fullwidth-box fusion-builder-row-1 fusion-flex-container nonhundred-percent-fullwidth non-hundred-percent-height-scrolling\" style=\"background-color: rgba(255,255,255,0);background-position: center center;background-repeat: no-repeat;border-width: 0px 0px 0px 0px;border-color:#e2e2e2;border-style:solid;\" ><div class=\"fusion-builder-row fusion-row fusion-flex-align-items-flex-start\" style=\"max-width:1331.2px;margin-left: calc(-4% \/ 2 );margin-right: calc(-4% \/ 2 );\"><div class=\"fusion-layout-column fusion_builder_column fusion-builder-column-0 fusion_builder_column_1_1 1_1 fusion-flex-column\"><div class=\"fusion-column-wrapper fusion-flex-justify-content-flex-start fusion-content-layout-column\" style=\"background-position:left top;background-repeat:no-repeat;-webkit-background-size:cover;-moz-background-size:cover;-o-background-size:cover;background-size:cover;padding: 0px 0px 0px 0px;\"><div class=\"fusion-text fusion-text-1\"><ul>\n<li>Chef de P\u00f4le: Dr ARTIGUEBERE<\/li>\n<li>Cadre de P\u00f4le : Mme Sophie COLOMBEL<\/li>\n<\/ul>\n<p>Pour chaque service, une pr\u00e9sentation synth\u00e9tique est mise \u00e0 votre disposition.<\/p>\n<\/div><style>#sp-ea-1075 .spcollapsing { height: 0; overflow: hidden; transition-property: height;transition-duration: 300ms;}#sp-ea-1075.sp-easy-accordion>.sp-ea-single {margin-bottom: 10px; border: 1px solid #e2e2e2; }#sp-ea-1075.sp-easy-accordion>.sp-ea-single>.ea-header a {color: #444;}#sp-ea-1075.sp-easy-accordion>.sp-ea-single>.sp-collapse>.ea-body {background: #fff; color: #444;}#sp-ea-1075.sp-easy-accordion>.sp-ea-single {background: #bae6d7;}#sp-ea-1075.sp-easy-accordion>.sp-ea-single>.ea-header a .ea-expand-icon { float: left; color: #444;font-size: 16px;}<\/style><div id=\"sp_easy_accordion-1765807986\"><div id=\"sp-ea-1075\" class=\"sp-ea-one sp-easy-accordion\" data-ea-active=\"ea-click\" data-ea-mode=\"vertical\" data-preloader=\"\" data-scroll-active-item=\"\" data-offset-to-scroll=\"0\"><div class=\"ea-card sp-ea-single\"><h3 class=\"ea-header\"><a class=\"collapsed\" id=\"ea-header-10750\" role=\"button\" data-sptoggle=\"spcollapse\" data-sptarget=\"#collapse10750\" aria-controls=\"collapse10750\" href=\"#\" aria-expanded=\"false\" tabindex=\"0\"><i aria-hidden=\"true\" role=\"presentation\" class=\"ea-expand-icon eap-icon-ea-expand-plus\"><\/i> Plateau technique de r\u00e9adaptation fonctionnelle<\/a><\/h3><div class=\"sp-collapse spcollapse spcollapse\" id=\"collapse10750\" data-parent=\"#sp-ea-1075\" role=\"region\" aria-labelledby=\"ea-header-10750\"> <div class=\"ea-body\"><p>Un plateau technique de r\u00e9\u00e9ducation complet permet la prise en charge des patients par des kin\u00e9sith\u00e9rapeutiques et des ergoth\u00e9rapeutes.<\/p><\/div><\/div><\/div><div class=\"ea-card sp-ea-single\"><h3 class=\"ea-header\"><a class=\"collapsed\" id=\"ea-header-10751\" role=\"button\" data-sptoggle=\"spcollapse\" data-sptarget=\"#collapse10751\" aria-controls=\"collapse10751\" href=\"#\" aria-expanded=\"false\" tabindex=\"0\"><i aria-hidden=\"true\" role=\"presentation\" class=\"ea-expand-icon eap-icon-ea-expand-plus\"><\/i> H\u00f4pital \u00e0 temps partiel de m\u00e9decine physique et r\u00e9adaptation (HTP MPR)<\/a><\/h3><div class=\"sp-collapse spcollapse spcollapse\" id=\"collapse10751\" data-parent=\"#sp-ea-1075\" role=\"region\" aria-labelledby=\"ea-header-10751\"> <div class=\"ea-body\"><p>Le service HTP MPR pour adultes est destin\u00e9 aux patients autonomes entre 18 et 75 ans pr\u00e9sentant :<\/p><ul><li style=\"list-style-type: none\"><ul><li style=\"list-style-type: none\"><ul><li>une affection du syst\u00e8me nerveux central et p\u00e9riph\u00e9rique: Parkinson, SEP, my\u00e9lite, AVC, pathologies neuromusculaires, etc\u2026<\/li><li>post chirurgie orthop\u00e9dique : proth\u00e8se de genou, chirurgie de l\u2019\u00e9paule, arthrod\u00e8se rachis, \u2026 (apr\u00e8s avis m\u00e9dical du m\u00e9decin MPR).<\/li><\/ul><\/li><\/ul><\/li><\/ul><p>L\u2019HTP MPR est compos\u00e9 d\u2019une \u00e9quipe pluridisciplinaire\u00a0:<\/p><ul><li>\u00c9quipe m\u00e9dicale:<ul><li>Dr Rouleaud<\/li><li>Dr Bonnet<\/li><\/ul><\/li><li>\u00c9quipe param\u00e9dicale :<ul><li>infirmi\u00e8re coordinatrice,<\/li><li>kin\u00e9sith\u00e9rapeute,<\/li><li>ergoth\u00e9rapeute,<\/li><li>di\u00e9t\u00e9ticienne,<\/li><li>psychologue,<\/li><li>assistante sociale.<\/li><\/ul><\/li><\/ul><p>Les crit\u00e8res d\u2019admission en HTP MPR sont soumis \u00e0 l\u2019avis m\u00e9dical MPR.<\/p><\/div><\/div><\/div><div class=\"ea-card sp-ea-single\"><h3 class=\"ea-header\"><a class=\"collapsed\" id=\"ea-header-10752\" role=\"button\" data-sptoggle=\"spcollapse\" data-sptarget=\"#collapse10752\" aria-controls=\"collapse10752\" href=\"#\" aria-expanded=\"false\" tabindex=\"0\"><i aria-hidden=\"true\" role=\"presentation\" class=\"ea-expand-icon eap-icon-ea-expand-plus\"><\/i> Soins de Suite et de R\u00e9\u00e9ducation G\u00e9riatrique (SSRG)<\/a><\/h3><div class=\"sp-collapse spcollapse spcollapse\" id=\"collapse10752\" data-parent=\"#sp-ea-1075\" role=\"region\" aria-labelledby=\"ea-header-10752\"> <div class=\"ea-body\"><p>Ce service d\u2019hospitalisation comprend 24 lits pour la prise en charge des personnes \u00e2g\u00e9es qui n\u00e9cessitent des soins de r\u00e9\u00e9ducation.<\/p><p><strong>L\u2019\u00e9quipe m\u00e9dicale et param\u00e9dicale :\u00a0<\/strong><\/p><ul><li>Dr LECAROZ<\/li><li>Mme S. BARICOS : FF Cadre de Sant\u00e9<\/li><li>Infirmi\u00e8res, aides-soignantes, agents de service hospitaliers<\/li><li>Kin\u00e9s en salle de r\u00e9\u00e9ducation ou au lit du patient dans tous les services.<\/li><\/ul><\/div><\/div><\/div><div class=\"ea-card sp-ea-single\"><h3 class=\"ea-header\"><a class=\"collapsed\" id=\"ea-header-10753\" role=\"button\" data-sptoggle=\"spcollapse\" data-sptarget=\"#collapse10753\" aria-controls=\"collapse10753\" href=\"#\" aria-expanded=\"false\" tabindex=\"0\"><i aria-hidden=\"true\" role=\"presentation\" class=\"ea-expand-icon eap-icon-ea-expand-plus\"><\/i> EMOG (Equipe Mobile d\u2019Orientation G\u00e9riatrique)<\/a><\/h3><div class=\"sp-collapse spcollapse spcollapse\" id=\"collapse10753\" data-parent=\"#sp-ea-1075\" role=\"region\" aria-labelledby=\"ea-header-10753\"> <div class=\"ea-body\">No Content<\/div><\/div><\/div><div class=\"ea-card sp-ea-single\"><h3 class=\"ea-header\"><a class=\"collapsed\" id=\"ea-header-10754\" role=\"button\" data-sptoggle=\"spcollapse\" data-sptarget=\"#collapse10754\" aria-controls=\"collapse10754\" href=\"#\" aria-expanded=\"false\" tabindex=\"0\"><i aria-hidden=\"true\" role=\"presentation\" class=\"ea-expand-icon eap-icon-ea-expand-plus\"><\/i> Unit\u00e9 de Soins de longue dur\u00e9e (USLD)<\/a><\/h3><div class=\"sp-collapse spcollapse spcollapse\" id=\"collapse10754\" data-parent=\"#sp-ea-1075\" role=\"region\" aria-labelledby=\"ea-header-10754\"> <div class=\"ea-body\"><p>Ce service d\u2019h\u00e9bergement r\u00e9parti sur 2 \u00e9tages du V80 comprend 55 lits.<\/p><p>Il s\u2019adresse aux r\u00e9sidents qui n\u00e9cessitent une prise en charge m\u00e9dicale plus importante qu\u2019en EHPAD.<\/p><p><strong>L\u2019\u00e9quipe m\u00e9dicale et param\u00e9dicale :\u00a0<\/strong><\/p><ul><li>Dr RAVALISAONA<\/li><li>Mme C. DUILHE : FF Cadre de Sant\u00e9<\/li><li>Infirmi\u00e8res, aides-soignantes, agents de service hospitaliers<\/li><\/ul><p><a href=\"http:\/\/www.ch-orthez.fr\/index.php\/usld\/\">Lien vers la page<\/a><\/p><\/div><\/div><\/div><div class=\"ea-card sp-ea-single\"><h3 class=\"ea-header\"><a class=\"collapsed\" id=\"ea-header-10755\" role=\"button\" data-sptoggle=\"spcollapse\" data-sptarget=\"#collapse10755\" aria-controls=\"collapse10755\" href=\"#\" aria-expanded=\"false\" tabindex=\"0\"><i aria-hidden=\"true\" role=\"presentation\" class=\"ea-expand-icon eap-icon-ea-expand-plus\"><\/i> EHPAD \"La Visitation\" \u00e0 Orthez<\/a><\/h3><div class=\"sp-collapse spcollapse spcollapse\" id=\"collapse10755\" data-parent=\"#sp-ea-1075\" role=\"region\" aria-labelledby=\"ea-header-10755\"> <div class=\"ea-body\"><p>H\u00e9bergement de 55 lits.<\/p><p><a href=\"http:\/\/www.ch-orthez.fr\/index.php\/ehpad-orthez\/\">Lien vers la page.<\/a><\/p><\/div><\/div><\/div><div class=\"ea-card sp-ea-single\"><h3 class=\"ea-header\"><a class=\"collapsed\" id=\"ea-header-10756\" role=\"button\" data-sptoggle=\"spcollapse\" data-sptarget=\"#collapse10756\" aria-controls=\"collapse10756\" href=\"#\" aria-expanded=\"false\" tabindex=\"0\"><i aria-hidden=\"true\" role=\"presentation\" class=\"ea-expand-icon eap-icon-ea-expand-plus\"><\/i> EHPAD \"Les Pionniers\" \u00e0 Mourenx<\/a><\/h3><div class=\"sp-collapse spcollapse spcollapse\" id=\"collapse10756\" data-parent=\"#sp-ea-1075\" role=\"region\" aria-labelledby=\"ea-header-10756\"> <div class=\"ea-body\"><p>H\u00e9bergement de 55 lits.<\/p><p><a href=\"http:\/\/www.ch-orthez.fr\/index.php\/ehpad-mourenx\/\">Lien vers la page.<\/a><\/p><\/div><\/div><\/div><div class=\"ea-card sp-ea-single\"><h3 class=\"ea-header\"><a class=\"collapsed\" id=\"ea-header-10757\" role=\"button\" data-sptoggle=\"spcollapse\" data-sptarget=\"#collapse10757\" aria-controls=\"collapse10757\" href=\"#\" aria-expanded=\"false\" tabindex=\"0\"><i aria-hidden=\"true\" role=\"presentation\" class=\"ea-expand-icon eap-icon-ea-expand-plus\"><\/i> EHPAD \"La Roussane\" \u00e0 Monein<\/a><\/h3><div class=\"sp-collapse spcollapse spcollapse\" id=\"collapse10757\" data-parent=\"#sp-ea-1075\" role=\"region\" aria-labelledby=\"ea-header-10757\"> <div class=\"ea-body\"><p>H\u00e9bergement de 90 lits.<\/p><p><a href=\"http:\/\/www.ch-orthez.fr\/index.php\/ehpad-monein\/\">Lien vers la page.<\/a><\/p><\/div><\/div><\/div><div class=\"ea-card sp-ea-single\"><h3 class=\"ea-header\"><a class=\"collapsed\" id=\"ea-header-10758\" role=\"button\" data-sptoggle=\"spcollapse\" data-sptarget=\"#collapse10758\" aria-controls=\"collapse10758\" href=\"#\" aria-expanded=\"false\" tabindex=\"0\"><i aria-hidden=\"true\" role=\"presentation\" class=\"ea-expand-icon eap-icon-ea-expand-plus\"><\/i> EHPAD \"Le Temple\" \u00e0 Arthez de B\u00e9arn<\/a><\/h3><div class=\"sp-collapse spcollapse spcollapse\" id=\"collapse10758\" data-parent=\"#sp-ea-1075\" role=\"region\" aria-labelledby=\"ea-header-10758\"> <div class=\"ea-body\"><p>H\u00e9bergement de 32 lits et 6 places d'accueil de jour.<\/p><p><a href=\"http:\/\/www.ch-orthez.fr\/index.php\/ehpad-arthez-de-bearn\/\">Lien vers la page.<\/a><\/p><\/div><\/div><\/div><\/div><\/div><\/div><style type=\"text\/css\">.fusion-body .fusion-builder-column-0{width:100% !important;margin-top : 0px;margin-bottom : 20px;}.fusion-builder-column-0 > .fusion-column-wrapper {padding-top : 0px !important;padding-right : 0px !important;margin-right : 1.92%;padding-bottom : 0px !important;padding-left : 0px !important;margin-left : 1.92%;}@media only screen and (max-width:1024px) {.fusion-body .fusion-builder-column-0{width:100% !important;order : 0;}.fusion-builder-column-0 > .fusion-column-wrapper {margin-right : 1.92%;margin-left : 1.92%;}}@media only screen and (max-width:640px) {.fusion-body .fusion-builder-column-0{width:100% !important;order : 0;}.fusion-builder-column-0 > .fusion-column-wrapper {margin-right : 1.92%;margin-left : 1.92%;}}<\/style><\/div><\/div><style type=\"text\/css\">.fusion-body .fusion-flex-container.fusion-builder-row-1{ padding-top : 0px;margin-top : 0px;padding-right : 0px;padding-bottom : 0px;margin-bottom : 0px;padding-left : 0px;}<\/style><\/div>\n","protected":false},"excerpt":{"rendered":"","protected":false},"author":1,"featured_media":0,"parent":0,"menu_order":0,"comment_status":"closed","ping_status":"closed","template":"","meta":{"footnotes":""},"_links":{"self":[{"href":"https:\/\/www.ch-orthez.fr\/index.php\/wp-json\/wp\/v2\/pages\/603"}],"collection":[{"href":"https:\/\/www.ch-orthez.fr\/index.php\/wp-json\/wp\/v2\/pages"}],"about":[{"href":"https:\/\/www.ch-orthez.fr\/index.php\/wp-json\/wp\/v2\/types\/page"}],"author":[{"embeddable":true,"href":"https:\/\/www.ch-orthez.fr\/index.php\/wp-json\/wp\/v2\/users\/1"}],"replies":[{"embeddable":true,"href":"https:\/\/www.ch-orthez.fr\/index.php\/wp-json\/wp\/v2\/comments?post=603"}],"version-history":[{"count":3,"href":"https:\/\/www.ch-orthez.fr\/index.php\/wp-json\/wp\/v2\/pages\/603\/revisions"}],"predecessor-version":[{"id":3406,"href":"https:\/\/www.ch-orthez.fr\/index.php\/wp-json\/wp\/v2\/pages\/603\/revisions\/3406"}],"wp:attachment":[{"href":"https:\/\/www.ch-orthez.fr\/index.php\/wp-json\/wp\/v2\/media?parent=603"}],"curies":[{"name":"wp","href":"https:\/\/api.w.org\/{rel}","templated":true}]}}