{"id":392,"date":"2021-11-15T11:18:54","date_gmt":"2021-11-15T10:18:54","guid":{"rendered":"http:\/\/www.ch-orthez.fr\/?page_id=392"},"modified":"2023-05-25T13:41:40","modified_gmt":"2023-05-25T11:41:40","slug":"ehpad","status":"publish","type":"page","link":"https:\/\/www.ch-orthez.fr\/index.php\/ehpad\/","title":{"rendered":"EHPAD &#038; USLD"},"content":{"rendered":"<div class=\"fusion-fullwidth fullwidth-box fusion-builder-row-1 fusion-flex-container nonhundred-percent-fullwidth non-hundred-percent-height-scrolling\" style=\"background-color: rgba(255,255,255,0);background-position: center center;background-repeat: no-repeat;border-width: 0px 0px 0px 0px;border-color:#e2e2e2;border-style:solid;\" ><div class=\"fusion-builder-row fusion-row fusion-flex-align-items-flex-start\" style=\"max-width:1331.2px;margin-left: calc(-4% \/ 2 );margin-right: calc(-4% \/ 2 );\"><div class=\"fusion-layout-column fusion_builder_column fusion-builder-column-0 fusion_builder_column_1_1 1_1 fusion-flex-column\"><div class=\"fusion-column-wrapper fusion-flex-justify-content-flex-start fusion-content-layout-column\" style=\"background-position:left top;background-repeat:no-repeat;-webkit-background-size:cover;-moz-background-size:cover;-o-background-size:cover;background-size:cover;padding: 0px 0px 0px 0px;\">\t\t\t\t\t<div class=\"fusion-slider-container fusion-slider-sc-ehpad fusion-slider-20 full-width-slider\" data-id=\"20\" data-full_height=\"\" style=\"height:400px; max-width:100%;\">\n\t\t\t\t\t\t<style type=\"text\/css\">.fusion-slider-20 .flex-direction-nav a {width:20px;height:63px;line-height:63px;font-size:16px;}.fusion-slider-20 .flex-control-paging li a {background:rgba(101, 188, 123, 0.6);}.fusion-slider-20 .flex-control-paging li a.flex-active {background:rgba(101, 188, 123, 1);}<\/style>\t\t\t\t\t\t<div class=\"fusion-slider-loading\">Loading...<\/div>\n\t\t\t\t\t\t<div class=\"tfs-slider flexslider main-flex full-width-slider\" data-slider_width=\"100%\" data-slider_height=\"400px\" data-full_screen=\"0\" data-parallax=\"0\" data-slider_indicator=\"pagination_circles\" data-slider_indicator_color=\"#65bc7b\" data-nav_arrows=\"1\" data-nav_arrow_size=\"16px\" data-nav_box_width=\"20px\" data-nav_box_height=\"63px\" data-slideshow_speed=\"7000\" data-loop=\"1\" data-autoplay=\"1\" data-orderby=\"date\" data-order=\"DESC\" data-animation=\"slide\" data-animation_speed=\"1000\" data-typo_sensitivity=\"1\" data-typo_factor=\"1.5\" style=\"max-width:100%;\">\n\t\t\t\t\t\t\t<ul class=\"slides\">\n\t\t\t\t\t\t\t\t\t\t\t\t\t\t\t\t\t<li data-mute=\"yes\" data-loop=\"yes\" data-autoplay=\"yes\">\n\t\t\t\t\t\t\t\t\t\t<div class=\"slide-content-container slide-content-left\" style=\"display: none;\">\n\t\t\t\t\t\t\t\t\t\t\t<div class=\"slide-content\" style=\"\">\n\t\t\t\t\t\t\t\t\t\t\t\t\t\t\t\t\t\t\t\t\t\t\t\t\t<div class=\"heading with-bg\">\n\t\t\t\t\t\t\t\t\t\t\t\t\t\t<div class=\"fusion-title-sc-wrapper\" style=\"background-color:rgba(0,0,0,0.4)\">\n\t\t\t\t\t\t\t\t\t\t\t\t\t\t\t<style type=\"text\/css\">@media only screen and (max-width:1024px) {.fusion-title.fusion-title-1{margin-top:0px!important; margin-right:0px!important;margin-bottom:0px!important;margin-left:0px!important;}}@media only screen and (max-width:640px) {.fusion-title.fusion-title-1{margin-top:10px!important; margin-right:0px!important;margin-bottom:10px!important; margin-left:0px!important;}}<\/style><div class=\"fusion-title title fusion-title-1 fusion-sep-none fusion-title-text fusion-title-size-one\" style=\"font-size:30px;margin-top:0px;margin-right:0px;margin-bottom:0px;margin-left:0px;\"><h1 class=\"title-heading-left fusion-responsive-typography-calculated\" style=\"margin:0;font-size:1em;color:#ffffff;--fontSize:30;line-height:1.2;\">Ehpad de la Visitation Orthez<\/h1><\/div>\t\t\t\t\t\t\t\t\t\t\t\t\t\t<\/div>\n\t\t\t\t\t\t\t\t\t\t\t\t\t<\/div>\n\t\t\t\t\t\t\t\t\t\t\t\t\t\t\t\t\t\t\t\t\t\t\t\t\t\t\t\t\t\t\t\t\t\t\t\t\t\t\t\t\t\t\t\t\t\t\t<\/div>\n\t\t\t\t\t\t\t\t\t\t<\/div>\n\t\t\t\t\t\t\t\t\t\t\t\t\t\t\t\t\t\t\t\t\t<a href=\"http:\/\/www.ch-orthez.fr\/index.php\/ehpad-orthez\/\" class=\"overlay-link fusion-one-page-text-link\"><\/a>\n\t\t\t\t\t\t\t\t\t\t\t\t\t\t\t\t\t\t\t\t\t\t\t\t\t\t\t\t\t\t\t\t\t\t\t\t\t\t\t\t<div class=\"background background-image\" style=\"background-image: url(https:\/\/www.ch-orthez.fr\/wp-content\/uploads\/2021\/12\/coupee.jpg);max-width:100%;height:400px;filter: progid:DXImageTransform.Microsoft.AlphaImageLoader(src='https:\/\/www.ch-orthez.fr\/wp-content\/uploads\/2021\/12\/coupee.jpg', sizingMethod='scale');\" data-imgwidth=\"1200\">\n\t\t\t\t\t\t\t\t\t\t\t\t\t\t\t\t\t\t\t\t\t\t\t\t\t\t\t\t\t\t\t\t\t\t\t\t\t\t\t\t\t\t\t\t\t\t\t\t\t\t\t\t\t\t\t\t\t\t\t\t\t\t\t\t\t\t<\/div>\n\t\t\t\t\t\t\t\t\t<\/li>\n\t\t\t\t\t\t\t\t\t\t\t\t\t\t\t\t\t<li data-mute=\"yes\" data-loop=\"yes\" data-autoplay=\"yes\">\n\t\t\t\t\t\t\t\t\t\t<div class=\"slide-content-container slide-content-left\" style=\"display: none;\">\n\t\t\t\t\t\t\t\t\t\t\t<div class=\"slide-content\" style=\"\">\n\t\t\t\t\t\t\t\t\t\t\t\t\t\t\t\t\t\t\t\t\t\t\t\t\t<div class=\"heading with-bg\">\n\t\t\t\t\t\t\t\t\t\t\t\t\t\t<div class=\"fusion-title-sc-wrapper\" style=\"background-color:rgba(0,0,0,0.4)\">\n\t\t\t\t\t\t\t\t\t\t\t\t\t\t\t<style type=\"text\/css\">@media only screen and (max-width:1024px) {.fusion-title.fusion-title-2{margin-top:0px!important; margin-right:0px!important;margin-bottom:0px!important;margin-left:0px!important;}}@media only screen and (max-width:640px) {.fusion-title.fusion-title-2{margin-top:10px!important; margin-right:0px!important;margin-bottom:10px!important; margin-left:0px!important;}}<\/style><div class=\"fusion-title title fusion-title-2 fusion-sep-none fusion-title-text fusion-title-size-one\" style=\"font-size:30px;margin-top:0px;margin-right:0px;margin-bottom:0px;margin-left:0px;\"><h1 class=\"title-heading-left fusion-responsive-typography-calculated\" style=\"margin:0;font-size:1em;color:#ffffff;--fontSize:30;line-height:1.2;\">Ehpad de Mourenx<\/h1><\/div>\t\t\t\t\t\t\t\t\t\t\t\t\t\t<\/div>\n\t\t\t\t\t\t\t\t\t\t\t\t\t<\/div>\n\t\t\t\t\t\t\t\t\t\t\t\t\t\t\t\t\t\t\t\t\t\t\t\t\t\t\t\t\t\t\t\t\t\t\t\t\t\t\t\t\t\t\t\t\t\t\t<\/div>\n\t\t\t\t\t\t\t\t\t\t<\/div>\n\t\t\t\t\t\t\t\t\t\t\t\t\t\t\t\t\t\t\t\t\t<a href=\"http:\/\/www.ch-orthez.fr\/index.php\/ehpad-mourenx\/%20\" class=\"overlay-link fusion-one-page-text-link\"><\/a>\n\t\t\t\t\t\t\t\t\t\t\t\t\t\t\t\t\t\t\t\t\t\t\t\t\t\t\t\t\t\t\t\t\t\t\t\t\t\t\t\t<div class=\"background background-image\" style=\"background-image: url(https:\/\/www.ch-orthez.fr\/wp-content\/uploads\/2022\/01\/ehpad-mourenx.jpg);max-width:100%;height:400px;filter: progid:DXImageTransform.Microsoft.AlphaImageLoader(src='https:\/\/www.ch-orthez.fr\/wp-content\/uploads\/2022\/01\/ehpad-mourenx.jpg', sizingMethod='scale');\" data-imgwidth=\"1200\">\n\t\t\t\t\t\t\t\t\t\t\t\t\t\t\t\t\t\t\t\t\t\t\t\t\t\t\t\t\t\t\t\t\t\t\t\t\t\t\t\t\t\t\t\t\t\t\t\t\t\t\t\t\t\t\t\t\t\t\t\t\t\t\t\t\t\t<\/div>\n\t\t\t\t\t\t\t\t\t<\/li>\n\t\t\t\t\t\t\t\t\t\t\t\t\t\t\t\t\t\t\t\t\t\t\t<\/ul>\n\t\t\t\t\t\t<\/div>\n\t\t\t\t\t<\/div>\n\t\t\t\t\t\t\t\t<div class=\"fusion-text fusion-text-1\"><div id=\"pg-gb77-61b8ab88ea229-0\" class=\"panel-grid panel-no-style\">\n<div id=\"pgc-gb77-61b8ab88ea229-0-0\" class=\"panel-grid-cell\">\n<div id=\"panel-gb77-61b8ab88ea229-0-0-0\" class=\"so-panel widget widget_sow-editor panel-first-child\" data-index=\"0\">\n<div class=\"so-widget-sow-editor so-widget-sow-editor-base\">\n<div class=\"siteorigin-widget-tinymce textwidget\"><\/div>\n<\/div>\n<\/div>\n<\/div>\n<\/div>\n<div class=\"sow-image-container\"><\/div>\n<div><\/div>\n<div id=\"pg-gb77-61b8ab88ea229-1\" class=\"panel-grid panel-no-style\">\n<div id=\"pgc-gb77-61b8ab88ea229-1-0\" class=\"panel-grid-cell\">\n<div id=\"panel-gb77-61b8ab88ea229-1-0-0\" class=\"so-panel widget widget_sow-editor panel-first-child\" data-index=\"4\">\n<div class=\"so-widget-sow-editor so-widget-sow-editor-base\">\n<p style=\"text-align: center;\"><strong>Coordonn\u00e9es des EHPAD d\u00e9pendant du P\u00f4le de Sant\u00e9 d&rsquo;Orthez<\/strong><\/p>\n<\/div>\n<\/div>\n<\/div>\n<\/div>\n<div id=\"pg-gb77-61b8ab88ea229-3\" class=\"panel-grid panel-no-style\">\n<div id=\"pgc-gb77-61b8ab88ea229-3-0\" class=\"panel-grid-cell\">\n<div id=\"panel-gb77-61b8ab88ea229-3-0-2\" class=\"so-panel widget widget_sow-image panel-last-child\" data-index=\"14\">\n<div class=\"panel-widget-style panel-widget-style-for-gb77-61b8ab88ea229-3-0-2\">\n<div class=\"so-widget-sow-image so-widget-sow-image-default-d6014b76747a-77\">\n<div class=\"sow-image-container\"><\/div>\n<\/div>\n<\/div>\n<\/div>\n<\/div>\n<\/div>\n<\/div>\n<div class=\"table-1\">\n<table width=\"100%\">\n<thead>\n<tr>\n<th align=\"left\">EHPAD<\/th>\n<th align=\"left\">T\u00e9l\u00e9phone<\/th>\n<\/tr>\n<\/thead>\n<tbody>\n<tr>\n<td align=\"left\">EHPAD Arthez de B\u00e9arn<\/td>\n<td align=\"left\">05 59 67 45 00<\/td>\n<\/tr>\n<tr>\n<td align=\"left\">EHPAD Monein<\/td>\n<td align=\"left\">05 59 72 87 00<\/td>\n<\/tr>\n<tr>\n<td align=\"left\">EHPAD Mourenx<\/td>\n<td align=\"left\">05 59 72 75 00<\/td>\n<\/tr>\n<tr>\n<td align=\"left\">EHPAD Orthez<\/td>\n<td align=\"left\">05 59 69 72 00<\/td>\n<\/tr>\n<\/tbody>\n<\/table>\n<\/div>\n<div class=\"fusion-text fusion-text-2\"><p><strong>APAE\u00a0: Le Conseil d\u00e9partemental des Pyr\u00e9n\u00e9es-Atlantiques s\u2019engage \u00e0 faciliter l\u2019acc\u00e8s aux aides<\/strong><\/p>\n<p>Afin de faciliter et simplifier les d\u00e9marches des personnes \u00e2g\u00e9es et de leurs proches-aidants, le Conseil d\u00e9partemental des Pyr\u00e9n\u00e9es-Atlantiques met \u00e0 leur disposition un service de demande d\u2019APA en \u00e9tablissement (APAE) en ligne sur le site <span style=\"color: #339966;\"><a style=\"color: #339966;\" href=\"https:\/\/mesdemarches-solidarite.le64.fr\/\">https:\/\/mesdemarches-solidarite.le64.fr\/<\/a><\/span><\/p>\n<p>Vous serez accompagn\u00e9s pas \u00e0 pas pour effectuer votre demande en toute s\u00e9curit\u00e9, \u00a0pourrez suivre en temps r\u00e9el les \u00e9tapes de l\u2019instruction et recevrez leur notification de droits sur votre espace personnel.<\/p>\n<p>Le site <span style=\"color: #339966;\"><a style=\"color: #339966;\" href=\"https:\/\/mesdemarches-solidarite.le64.fr\/\">www.mesdemarches-solidarite.le64.fr<\/a><\/span> regorge aussi d\u2019informations utiles sur l\u2019Allocation Personnalis\u00e9e d\u2019Autonomie et int\u00e8gre une Foire aux questions\u00ab\u00a0FAQ\u00a0\u00bb.<\/p>\n<p>Un tutoriel est \u00e9galement \u00e0 votre disposition sur le site autonomie64.fr\u00a0: <a href=\"https:\/\/plateforme.autonomie64.fr\/fr\/guide-des-aides\/lallocation-personnalis%C3%A9e-dautonomie-apa-en-%C3%A9tablissement\"><span style=\"color: #339966;\">L&rsquo;allocation personnalis\u00e9e d&rsquo;autonomie (APA) en \u00e9tablissement | Plateforme autonomie du D\u00e9partement des Pyr\u00e9n\u00e9es-Atlantiques (autonomie64.fr)<\/span><\/a><\/p>\n<p>R\u00e9serv\u00e9 aux particuliers, ce t\u00e9l\u00e9service a \u00a0\u00e9galement \u00e9t\u00e9 con\u00e7u pour fluidifier les \u00e9changes avec les professionnels.<\/p>\n<p>L\u2019utilisation de ce t\u00e9l\u00e9service n\u2019est pas une obligation. Il constitue une alternative rapide, facile, \u00e9conomique et \u00e9cologique aux formulaires papier qui sont toujours disponibles et utilisables.<\/p>\n<p>Vos correspondants habituels de la Mission Mise en \u0153uvre de l\u2019APA demeurent \u00a0\u00e0 votre disposition pour tout renseignement compl\u00e9mentaire que vous jugeriez utile.<\/p>\n<\/div><\/div><style type=\"text\/css\">.fusion-body .fusion-builder-column-0{width:100% !important;margin-top : 0px;margin-bottom : 0px;}.fusion-builder-column-0 > .fusion-column-wrapper {padding-top : 0px !important;padding-right : 0px !important;margin-right : 1.92%;padding-bottom : 0px !important;padding-left : 0px !important;margin-left : 1.92%;}@media only screen and (max-width:1024px) {.fusion-body .fusion-builder-column-0{width:100% !important;}.fusion-builder-column-0 > .fusion-column-wrapper {margin-right : 1.92%;margin-left : 1.92%;}}@media only screen and (max-width:640px) {.fusion-body .fusion-builder-column-0{width:100% !important;}.fusion-builder-column-0 > .fusion-column-wrapper {margin-right : 1.92%;margin-left : 1.92%;}}<\/style><\/div><\/div><style type=\"text\/css\">.fusion-body .fusion-flex-container.fusion-builder-row-1{ padding-top : 0px;margin-top : 0px;padding-right : 0px;padding-bottom : 0px;margin-bottom : 0px;padding-left : 0px;}<\/style><\/div>\n","protected":false},"excerpt":{"rendered":"","protected":false},"author":1,"featured_media":0,"parent":0,"menu_order":0,"comment_status":"closed","ping_status":"closed","template":"","meta":{"footnotes":""},"_links":{"self":[{"href":"https:\/\/www.ch-orthez.fr\/index.php\/wp-json\/wp\/v2\/pages\/392"}],"collection":[{"href":"https:\/\/www.ch-orthez.fr\/index.php\/wp-json\/wp\/v2\/pages"}],"about":[{"href":"https:\/\/www.ch-orthez.fr\/index.php\/wp-json\/wp\/v2\/types\/page"}],"author":[{"embeddable":true,"href":"https:\/\/www.ch-orthez.fr\/index.php\/wp-json\/wp\/v2\/users\/1"}],"replies":[{"embeddable":true,"href":"https:\/\/www.ch-orthez.fr\/index.php\/wp-json\/wp\/v2\/comments?post=392"}],"version-history":[{"count":0,"href":"https:\/\/www.ch-orthez.fr\/index.php\/wp-json\/wp\/v2\/pages\/392\/revisions"}],"wp:attachment":[{"href":"https:\/\/www.ch-orthez.fr\/index.php\/wp-json\/wp\/v2\/media?parent=392"}],"curies":[{"name":"wp","href":"https:\/\/api.w.org\/{rel}","templated":true}]}}